{"id":11335,"date":"2018-09-01T13:32:05","date_gmt":"2018-09-01T11:32:05","guid":{"rendered":"https:\/\/www.yogaincentro.it\/ebook\/"},"modified":"2018-09-01T13:32:05","modified_gmt":"2018-09-01T11:32:05","slug":"ebook","status":"publish","type":"page","link":"https:\/\/www.yogaincentro.it\/en\/ebook\/","title":{"rendered":"eBook"},"content":{"rendered":"<div class=\"bt_bb_wrapper\"><section id=\"bt_section69f2908463e56\"  class=\"boldSection topSemiSpaced bottomSemiSpaced gutter inherit wBackground cover\" style=\"background-image:url('https:\/\/www.yogaincentro.it\/wp-content\/uploads\/2018\/09\/fondo-charo-1.jpg');\"><div class=\"port\"><div class=\"boldCell\"><div class=\"boldCellInner\"><div class=\"boldRow \" ><div class=\"boldRowInner\"><div class=\"rowItem col-md-4 col-ms-12 btTextLeft\"  data-width=\"4\"><div class=\"rowItemContent\" ><div class=\"btText\" ><h1><span style=\"color: #ffffff;\">eBook<\/span><\/h1>\n<\/div><div class=\"btClear btSeparator topSemiSpaced noBorder\" ><hr><\/div><\/div><\/div><div class=\"rowItem col-md-8 col-ms-12 btTextLeft\"  data-width=\"8\"><div class=\"rowItemContent\" ><\/div><\/div><\/div><\/div><div class=\"boldRow \" ><div class=\"boldRowInner\"><div class=\"rowItem col-md-12 col-ms-12  btTextLeft\"  data-width=\"12\"><div class=\"rowItemContent\" ><div class=\"btClear btSeparator topSemiSpaced noBorder\" ><hr><\/div><\/div><\/div><\/div><\/div><\/div><\/div><\/div><\/section><section id=\"bt_section69f290846456d\" data-parallax=\"0.9\" data-parallax-offset=\"0\" class=\"boldSection topSpaced bottomSpaced gutter inherit btParallax wBackground cover btBackgroundOverlay btSolidLightBackground\" ><div class=\"port\"><div class=\"boldCell\"><div class=\"boldCellInner\"><div class=\"boldRow \" ><div class=\"boldRowInner\"><div class=\"rowItem col-md-12 col-ms-12  btTextLeft\"  data-width=\"12\"><div class=\"rowItemContent\" ><div class=\"btClear btSeparator topSpaced noBorder\" ><hr><\/div><\/div><\/div><\/div><\/div><div class=\"boldRow \" ><div class=\"boldRowInner\"><div class=\"rowItem col-md-3 col-sm-6 col-ms-12 btTextLeft animate animate-fadein btHighlightBorder btTopVertical\"  data-width=\"3\"><div class=\"rowItemContent\" ><div class=\"bpgPhoto \"  style=\"border-bottom: #5dc2ca 4px solid;\"> \r\n\t\t\t\t\t<a href=\"https:\/\/www.yogaincentro.it\/wp-content\/uploads\/2018\/09\/sri-swami-sivananda-essence-of-yoga.pdf\" target=\"_blank\" title=\"\"><\/a>\r\n\t\t\t\t\t<div class=\"boldPhotoBox\"><div class=\"bpbItem\"><div class = \"btImage\"><img src=\"https:\/\/www.yogaincentro.it\/wp-content\/uploads\/2018\/09\/sri-swami-sivananda-essence-of-yoga.jpg\" alt=\"sri-swami-sivananda-essence-of-yoga\" title=\"\"><\/div><\/div><\/div>\r\n\t\t\t\t\t<div class=\"captionPane btDarkSkin btTextCenter\">\r\n\t\t\t\t\t\t<div class=\"captionTable\">\r\n\t\t\t\t\t\t\t<div class=\"captionCell\">\r\n\t\t\t\t\t\t\t\t<div class=\"captionTxt\"><\/div>\r\n\t\t\t\t\t\t\t<\/div>\r\n\t\t\t\t\t\t<\/div>\r\n\t\t\t\t\t<\/div><\/div><\/div><\/div><div class=\"rowItem col-md-9 col-ms-12  btTextLeft\"  data-width=\"9\"><div class=\"rowItemContent\" ><div class=\"btClear btSeparator topSmallSpaced bottomSmallSpaced noBorder\" ><hr><\/div><header class=\"header btClear extrasmall\" ><div class=\"dash\"><h4><span class=\"headline\">SRI SWAMI SIVANANDA &#8211; L\u2019ESSENZA DELLO YOGA<\/span><\/h4><\/div><div class=\"btSubTitle\">Tra tutti i libri stimolanti e suggestivi di Sri Gurudev, questo testo rappresenta un caso speciale. \u00c8 stato scritto con lo scopo preciso di registrarlo su un disco e facilitarne la diffusione. Per questo motivo Gurudev ha distillato in questo testo l\u2019essenza del suo insegnamento.  Testo in inglese<\/div><\/header><div class=\"bpgPhoto \" > \r\n\t\t\t\t\t<a href=\"https:\/\/www.yogaincentro.it\/wp-content\/uploads\/2018\/09\/sri-swami-sivananda-essence-of-yoga.pdf\" target=\"_blank\" title=\"\"><\/a>\r\n\t\t\t\t\t<div class=\"boldPhotoBox\"><div class=\"bpbItem\"><div class = \"btImage\"><img src=\"https:\/\/www.yogaincentro.it\/wp-content\/uploads\/2018\/09\/ico-pd-f-45.png\" alt=\"scarica il pdf\" title=\"\"><\/div><\/div><\/div>\r\n\t\t\t\t\t<div class=\"captionPane btDarkSkin btTextCenter\">\r\n\t\t\t\t\t\t<div class=\"captionTable\">\r\n\t\t\t\t\t\t\t<div class=\"captionCell\">\r\n\t\t\t\t\t\t\t\t<div class=\"captionTxt\"><\/div>\r\n\t\t\t\t\t\t\t<\/div>\r\n\t\t\t\t\t\t<\/div>\r\n\t\t\t\t\t<\/div><\/div><div class=\"btClear btSeparator topSmallSpaced bottomSemiSpaced border\" ><hr><\/div><\/div><\/div><\/div><\/div><div class=\"boldRow \" ><div class=\"boldRowInner\"><div class=\"rowItem col-md-12 col-ms-12  btTextLeft\"  data-width=\"12\"><div class=\"rowItemContent\" ><div class=\"btClear btSeparator topSemiSpaced noBorder\" ><hr><\/div><\/div><\/div><\/div><\/div><div class=\"boldRow \" ><div class=\"boldRowInner\"><div class=\"rowItem col-md-3 col-sm-6 col-ms-12 btTextLeft animate animate-fadein btHighlightBorder btTopVertical\"  data-width=\"3\"><div class=\"rowItemContent\" ><div class=\"bpgPhoto \"  style=\"border-bottom: #5dc2ca 4px solid;\"> \r\n\t\t\t\t\t<a href=\"https:\/\/www.yogaincentro.it\/wp-content\/uploads\/2018\/09\/sri-swami-sivananda-conquest-of-fear.pdf\" target=\"_blank\" title=\"\"><\/a>\r\n\t\t\t\t\t<div class=\"boldPhotoBox\"><div class=\"bpbItem\"><div class = \"btImage\"><img src=\"https:\/\/www.yogaincentro.it\/wp-content\/uploads\/2018\/09\/sri-swami-sivananda-essence-of-yoga.jpg\" alt=\"sri-swami-sivananda-essence-of-yoga\" title=\"\"><\/div><\/div><\/div>\r\n\t\t\t\t\t<div class=\"captionPane btDarkSkin btTextCenter\">\r\n\t\t\t\t\t\t<div class=\"captionTable\">\r\n\t\t\t\t\t\t\t<div class=\"captionCell\">\r\n\t\t\t\t\t\t\t\t<div class=\"captionTxt\"><\/div>\r\n\t\t\t\t\t\t\t<\/div>\r\n\t\t\t\t\t\t<\/div>\r\n\t\t\t\t\t<\/div><\/div><\/div><\/div><div class=\"rowItem col-md-9 col-ms-12  btTextLeft\"  data-width=\"9\"><div class=\"rowItemContent\" ><div class=\"btClear btSeparator topSmallSpaced bottomSmallSpaced noBorder\" ><hr><\/div><header class=\"header btClear extrasmall\" ><div class=\"dash\"><h4><span class=\"headline\">SRI SWAMI SIVANANDA &#8211; LA CONQUISTA DELLA PAURA<\/span><\/h4><\/div><div class=\"btSubTitle\">\u00c8 nostro grande piacere poter presentare al pubblico la versione ampliata del breve testo \u201cLa conquista della paura\u201d. La sua versione originale era molto concisa. Per questo \u00e8 nata l\u2019esigenza di affrontare questo argomento in maniera pi\u00f9 completa e dettagliata.  Testo in inglese<\/div><\/header><div class=\"bpgPhoto \" > \r\n\t\t\t\t\t<a href=\"https:\/\/www.yogaincentro.it\/wp-content\/uploads\/2018\/09\/sri-swami-sivananda-conquest-of-fear.pdf\" target=\"_blank\" title=\"\"><\/a>\r\n\t\t\t\t\t<div class=\"boldPhotoBox\"><div class=\"bpbItem\"><div class = \"btImage\"><img src=\"https:\/\/www.yogaincentro.it\/wp-content\/uploads\/2018\/09\/ico-pd-f-45.png\" alt=\"scarica il pdf\" title=\"\"><\/div><\/div><\/div>\r\n\t\t\t\t\t<div class=\"captionPane btDarkSkin btTextCenter\">\r\n\t\t\t\t\t\t<div class=\"captionTable\">\r\n\t\t\t\t\t\t\t<div class=\"captionCell\">\r\n\t\t\t\t\t\t\t\t<div class=\"captionTxt\"><\/div>\r\n\t\t\t\t\t\t\t<\/div>\r\n\t\t\t\t\t\t<\/div>\r\n\t\t\t\t\t<\/div><\/div><div class=\"btClear btSeparator topSmallSpaced bottomSemiSpaced border\" ><hr><\/div><\/div><\/div><\/div><\/div><div class=\"boldRow \" ><div class=\"boldRowInner\"><div class=\"rowItem col-md-12 col-ms-12  btTextLeft\"  data-width=\"12\"><div class=\"rowItemContent\" ><div class=\"btClear btSeparator topSemiSpaced noBorder\" ><hr><\/div><\/div><\/div><\/div><\/div><div class=\"boldRow \" ><div class=\"boldRowInner\"><div class=\"rowItem col-md-3 col-sm-6 col-ms-12 btTextLeft animate animate-fadein btHighlightBorder btTopVertical\"  data-width=\"3\"><div class=\"rowItemContent\" ><div class=\"bpgPhoto \"  style=\"border-bottom: #5dc2ca 4px solid;\"> \r\n\t\t\t\t\t<a href=\"https:\/\/www.yogaincentro.it\/wp-content\/uploads\/2018\/09\/sri-swami-sivananda-conquest-of-anger.pdf\" target=\"_blank\" title=\"\"><\/a>\r\n\t\t\t\t\t<div class=\"boldPhotoBox\"><div class=\"bpbItem\"><div class = \"btImage\"><img src=\"https:\/\/www.yogaincentro.it\/wp-content\/uploads\/2018\/09\/sri-swami-sivananda-essence-of-yoga.jpg\" alt=\"sri-swami-sivananda-essence-of-yoga\" title=\"\"><\/div><\/div><\/div>\r\n\t\t\t\t\t<div class=\"captionPane btDarkSkin btTextCenter\">\r\n\t\t\t\t\t\t<div class=\"captionTable\">\r\n\t\t\t\t\t\t\t<div class=\"captionCell\">\r\n\t\t\t\t\t\t\t\t<div class=\"captionTxt\"><\/div>\r\n\t\t\t\t\t\t\t<\/div>\r\n\t\t\t\t\t\t<\/div>\r\n\t\t\t\t\t<\/div><\/div><\/div><\/div><div class=\"rowItem col-md-9 col-ms-12  btTextLeft\"  data-width=\"9\"><div class=\"rowItemContent\" ><div class=\"btClear btSeparator topSmallSpaced bottomSmallSpaced noBorder\" ><hr><\/div><header class=\"header btClear extrasmall\" ><div class=\"dash\"><h4><span class=\"headline\">SRI SWAMI SIVANANDA &#8211; LA CONQUISTA DELLA RABBIA<\/span><\/h4><\/div><div class=\"btSubTitle\">La rabbia e la bramosia sono due agenti del Demonio; ogni religione li ha considerati come i due ostacoli pi\u00f9 ardui che il ricercatore della Verit\u00e0 si trova a dover affrontare.  Testo in inglese<\/div><\/header><div class=\"bpgPhoto \" > \r\n\t\t\t\t\t<a href=\"https:\/\/www.yogaincentro.it\/wp-content\/uploads\/2018\/09\/sri-swami-sivananda-conquest-of-anger.pdf\" target=\"_blank\" title=\"\"><\/a>\r\n\t\t\t\t\t<div class=\"boldPhotoBox\"><div class=\"bpbItem\"><div class = \"btImage\"><img src=\"https:\/\/www.yogaincentro.it\/wp-content\/uploads\/2018\/09\/ico-pd-f-45.png\" alt=\"scarica il pdf\" title=\"\"><\/div><\/div><\/div>\r\n\t\t\t\t\t<div class=\"captionPane btDarkSkin btTextCenter\">\r\n\t\t\t\t\t\t<div class=\"captionTable\">\r\n\t\t\t\t\t\t\t<div class=\"captionCell\">\r\n\t\t\t\t\t\t\t\t<div class=\"captionTxt\"><\/div>\r\n\t\t\t\t\t\t\t<\/div>\r\n\t\t\t\t\t\t<\/div>\r\n\t\t\t\t\t<\/div><\/div><div class=\"btClear btSeparator topSmallSpaced bottomSemiSpaced border\" ><hr><\/div><\/div><\/div><\/div><\/div><div class=\"boldRow \" ><div class=\"boldRowInner\"><div class=\"rowItem col-md-12 col-ms-12  btTextLeft\"  data-width=\"12\"><div class=\"rowItemContent\" ><div class=\"btClear btSeparator topSemiSpaced noBorder\" ><hr><\/div><\/div><\/div><\/div><\/div><div class=\"boldRow \" ><div class=\"boldRowInner\"><div class=\"rowItem col-md-3 col-sm-6 col-ms-12 btTextLeft animate animate-fadein btHighlightBorder btTopVertical\"  data-width=\"3\"><div class=\"rowItemContent\" ><div class=\"bpgPhoto \"  style=\"border-bottom: #5dc2ca 4px solid;\"> \r\n\t\t\t\t\t<a href=\"https:\/\/www.yogaincentro.it\/wp-content\/uploads\/2018\/09\/sri-swami-sivananda-bhagavad-gita-for-busy-people.pdf\" target=\"_blank\" title=\"\"><\/a>\r\n\t\t\t\t\t<div class=\"boldPhotoBox\"><div class=\"bpbItem\"><div class = \"btImage\"><img src=\"https:\/\/www.yogaincentro.it\/wp-content\/uploads\/2018\/09\/sri-swami-sivananda-essence-of-yoga.jpg\" alt=\"sri-swami-sivananda-essence-of-yoga\" title=\"\"><\/div><\/div><\/div>\r\n\t\t\t\t\t<div class=\"captionPane btDarkSkin btTextCenter\">\r\n\t\t\t\t\t\t<div class=\"captionTable\">\r\n\t\t\t\t\t\t\t<div class=\"captionCell\">\r\n\t\t\t\t\t\t\t\t<div class=\"captionTxt\"><\/div>\r\n\t\t\t\t\t\t\t<\/div>\r\n\t\t\t\t\t\t<\/div>\r\n\t\t\t\t\t<\/div><\/div><\/div><\/div><div class=\"rowItem col-md-9 col-ms-12  btTextLeft\"  data-width=\"9\"><div class=\"rowItemContent\" ><div class=\"btClear btSeparator topSmallSpaced bottomSmallSpaced noBorder\" ><hr><\/div><header class=\"header btClear extrasmall\" ><div class=\"dash\"><h4><span class=\"headline\">SRI SWAMI SIVANANDA &#8211; LA BHAGAVAD GITA PER PERSONE IMPEGNATE<\/span><\/h4><\/div><div class=\"btSubTitle\">La vita \u00e8 veramente complicata di questi tempi. L\u2019uomo comune non riesce a trovare tempo per studiare grossi trattati filosofici o teologici, o per leggere l\u2019intera Gita. Questa \u00e8 un\u2019edizione ridotta della Gita che ne contiene la quintessenza ad uso di studenti, dottori, avvocati e persone impegnate.  Testo in inglese<\/div><\/header><div class=\"bpgPhoto \" > \r\n\t\t\t\t\t<a href=\"https:\/\/www.yogaincentro.it\/wp-content\/uploads\/2018\/09\/sri-swami-sivananda-bhagavad-gita-for-busy-people.pdf\" target=\"_blank\" title=\"\"><\/a>\r\n\t\t\t\t\t<div class=\"boldPhotoBox\"><div class=\"bpbItem\"><div class = \"btImage\"><img src=\"https:\/\/www.yogaincentro.it\/wp-content\/uploads\/2018\/09\/ico-pd-f-45.png\" alt=\"scarica il pdf\" title=\"\"><\/div><\/div><\/div>\r\n\t\t\t\t\t<div class=\"captionPane btDarkSkin btTextCenter\">\r\n\t\t\t\t\t\t<div class=\"captionTable\">\r\n\t\t\t\t\t\t\t<div class=\"captionCell\">\r\n\t\t\t\t\t\t\t\t<div class=\"captionTxt\"><\/div>\r\n\t\t\t\t\t\t\t<\/div>\r\n\t\t\t\t\t\t<\/div>\r\n\t\t\t\t\t<\/div><\/div><div class=\"btClear btSeparator topSmallSpaced bottomSemiSpaced border\" ><hr><\/div><\/div><\/div><\/div><\/div><div class=\"boldRow \" ><div class=\"boldRowInner\"><div class=\"rowItem col-md-12 col-ms-12  btTextLeft\"  data-width=\"12\"><div class=\"rowItemContent\" ><div class=\"btClear btSeparator topSemiSpaced noBorder\" ><hr><\/div><\/div><\/div><\/div><\/div><div class=\"boldRow \" ><div class=\"boldRowInner\"><div class=\"rowItem col-md-3 col-sm-6 col-ms-12 btTextLeft animate animate-fadein btHighlightBorder btTopVertical\"  data-width=\"3\"><div class=\"rowItemContent\" ><div class=\"bpgPhoto \"  style=\"border-bottom: #5dc2ca 4px solid;\"> \r\n\t\t\t\t\t<a href=\"https:\/\/www.yogaincentro.it\/wp-content\/uploads\/2018\/09\/sri-swami-vivekananda-karma-yoga.pdf\" target=\"_blank\" title=\"\"><\/a>\r\n\t\t\t\t\t<div class=\"boldPhotoBox\"><div class=\"bpbItem\"><div class = \"btImage\"><img src=\"https:\/\/www.yogaincentro.it\/wp-content\/uploads\/2018\/09\/karma-yoga.jpg\" alt=\"\" title=\"\"><\/div><\/div><\/div>\r\n\t\t\t\t\t<div class=\"captionPane btDarkSkin btTextCenter\">\r\n\t\t\t\t\t\t<div class=\"captionTable\">\r\n\t\t\t\t\t\t\t<div class=\"captionCell\">\r\n\t\t\t\t\t\t\t\t<div class=\"captionTxt\"><\/div>\r\n\t\t\t\t\t\t\t<\/div>\r\n\t\t\t\t\t\t<\/div>\r\n\t\t\t\t\t<\/div><\/div><\/div><\/div><div class=\"rowItem col-md-9 col-ms-12  btTextLeft\"  data-width=\"9\"><div class=\"rowItemContent\" ><div class=\"btClear btSeparator topSmallSpaced bottomSmallSpaced noBorder\" ><hr><\/div><header class=\"header btClear extrasmall\" ><div class=\"dash\"><h4><span class=\"headline\">SRI SWAMI VIVEKANANDA &#8211; KARMA YOGA<\/span><\/h4><\/div><div class=\"btSubTitle\">Questo testo \u00e8 basato su una serie di lezioni che Swami tenne nella sua camera in affitto al 228 W della trentanovesima strada nel dicembre del 1895 e nel gennaio del 1896. Le lezioni erano gratuite e normalmente si svolgevano due corsi, uno la mattina e uno la sera.  Testo in inglese<\/div><\/header><div class=\"bpgPhoto \" > \r\n\t\t\t\t\t<a href=\"https:\/\/www.yogaincentro.it\/wp-content\/uploads\/2018\/09\/sri-swami-vivekananda-karma-yoga.pdf\" target=\"_blank\" title=\"\"><\/a>\r\n\t\t\t\t\t<div class=\"boldPhotoBox\"><div class=\"bpbItem\"><div class = \"btImage\"><img src=\"https:\/\/www.yogaincentro.it\/wp-content\/uploads\/2018\/09\/ico-pd-f-45.png\" alt=\"scarica il pdf\" title=\"\"><\/div><\/div><\/div>\r\n\t\t\t\t\t<div class=\"captionPane btDarkSkin btTextCenter\">\r\n\t\t\t\t\t\t<div class=\"captionTable\">\r\n\t\t\t\t\t\t\t<div class=\"captionCell\">\r\n\t\t\t\t\t\t\t\t<div class=\"captionTxt\"><\/div>\r\n\t\t\t\t\t\t\t<\/div>\r\n\t\t\t\t\t\t<\/div>\r\n\t\t\t\t\t<\/div><\/div><div class=\"btClear btSeparator topSmallSpaced bottomSemiSpaced border\" ><hr><\/div><\/div><\/div><\/div><\/div><div class=\"boldRow \" ><div class=\"boldRowInner\"><div class=\"rowItem col-md-12 col-ms-12  btTextLeft\"  data-width=\"12\"><div class=\"rowItemContent\" ><div class=\"btClear btSeparator topSemiSpaced noBorder\" ><hr><\/div><\/div><\/div><\/div><\/div><div class=\"boldRow \" ><div class=\"boldRowInner\"><div class=\"rowItem col-md-3 col-sm-6 col-ms-12 btTextLeft animate animate-fadein btHighlightBorder btTopVertical\"  data-width=\"3\"><div class=\"rowItemContent\" ><div class=\"bpgPhoto \"  style=\"border-bottom: #5dc2ca 4px solid;\"> \r\n\t\t\t\t\t<a href=\"https:\/\/www.yogaincentro.it\/wp-content\/uploads\/2018\/09\/sri-swami-vivekananda-bhakti-yoga.pdf\" target=\"_blank\" title=\"\"><\/a>\r\n\t\t\t\t\t<div class=\"boldPhotoBox\"><div class=\"bpbItem\"><div class = \"btImage\"><img src=\"https:\/\/www.yogaincentro.it\/wp-content\/uploads\/2018\/09\/bhakti-yoga.jpg\" alt=\"\" title=\"\"><\/div><\/div><\/div>\r\n\t\t\t\t\t<div class=\"captionPane btDarkSkin btTextCenter\">\r\n\t\t\t\t\t\t<div class=\"captionTable\">\r\n\t\t\t\t\t\t\t<div class=\"captionCell\">\r\n\t\t\t\t\t\t\t\t<div class=\"captionTxt\"><\/div>\r\n\t\t\t\t\t\t\t<\/div>\r\n\t\t\t\t\t\t<\/div>\r\n\t\t\t\t\t<\/div><\/div><\/div><\/div><div class=\"rowItem col-md-9 col-ms-12  btTextLeft\"  data-width=\"9\"><div class=\"rowItemContent\" ><div class=\"btClear btSeparator topSmallSpaced bottomSmallSpaced noBorder\" ><hr><\/div><header class=\"header btClear extrasmall\" ><div class=\"dash\"><h4><span class=\"headline\">SRI SWAMI VIVEKANANDA &#8211; BHAKTI YOGA<\/span><\/h4><\/div><div class=\"btSubTitle\">Bhakti-Yoga \u00e8 una strada che porta alla vera e genuina ricerca di Dio, una ricerca che inizia, continua e termina nell\u2019Amore. Un istante di folle, estremo e totale amore verso Dio ci conduce alla salvezza eterna.  Testo in inglese<\/div><\/header><div class=\"bpgPhoto \" > \r\n\t\t\t\t\t<a href=\"https:\/\/www.yogaincentro.it\/wp-content\/uploads\/2018\/09\/sri-swami-vivekananda-bhakti-yoga.pdf\" target=\"_blank\" title=\"\"><\/a>\r\n\t\t\t\t\t<div class=\"boldPhotoBox\"><div class=\"bpbItem\"><div class = \"btImage\"><img src=\"https:\/\/www.yogaincentro.it\/wp-content\/uploads\/2018\/09\/ico-pd-f-45.png\" alt=\"scarica il pdf\" title=\"\"><\/div><\/div><\/div>\r\n\t\t\t\t\t<div class=\"captionPane btDarkSkin btTextCenter\">\r\n\t\t\t\t\t\t<div class=\"captionTable\">\r\n\t\t\t\t\t\t\t<div class=\"captionCell\">\r\n\t\t\t\t\t\t\t\t<div class=\"captionTxt\"><\/div>\r\n\t\t\t\t\t\t\t<\/div>\r\n\t\t\t\t\t\t<\/div>\r\n\t\t\t\t\t<\/div><\/div><div class=\"btClear btSeparator topSmallSpaced bottomSemiSpaced border\" ><hr><\/div><\/div><\/div><\/div><\/div><div class=\"boldRow \" ><div class=\"boldRowInner\"><div class=\"rowItem col-md-12 col-ms-12  btTextLeft\"  data-width=\"12\"><div class=\"rowItemContent\" ><div class=\"btClear btSeparator topSemiSpaced noBorder\" ><hr><\/div><\/div><\/div><\/div><\/div><div class=\"boldRow \" ><div class=\"boldRowInner\"><div class=\"rowItem col-md-3 col-sm-6 col-ms-12 btTextLeft animate animate-fadein btHighlightBorder btTopVertical\"  data-width=\"3\"><div class=\"rowItemContent\" ><div class=\"bpgPhoto \"  style=\"border-bottom: #5dc2ca 4px solid;\"> \r\n\t\t\t\t\t<a href=\"https:\/\/www.yogaincentro.it\/wp-content\/uploads\/2018\/09\/sri-swami-vivekananda-vedanta-philosophy.pdf\" target=\"_blank\" title=\"\"><\/a>\r\n\t\t\t\t\t<div class=\"boldPhotoBox\"><div class=\"bpbItem\"><div class = \"btImage\"><img src=\"https:\/\/www.yogaincentro.it\/wp-content\/uploads\/2018\/09\/filosofia-vedanta.jpg\" alt=\"\" title=\"\"><\/div><\/div><\/div>\r\n\t\t\t\t\t<div class=\"captionPane btDarkSkin btTextCenter\">\r\n\t\t\t\t\t\t<div class=\"captionTable\">\r\n\t\t\t\t\t\t\t<div class=\"captionCell\">\r\n\t\t\t\t\t\t\t\t<div class=\"captionTxt\"><\/div>\r\n\t\t\t\t\t\t\t<\/div>\r\n\t\t\t\t\t\t<\/div>\r\n\t\t\t\t\t<\/div><\/div><\/div><\/div><div class=\"rowItem col-md-9 col-ms-12  btTextLeft\"  data-width=\"9\"><div class=\"rowItemContent\" ><div class=\"btClear btSeparator topSmallSpaced bottomSmallSpaced noBorder\" ><hr><\/div><header class=\"header btClear extrasmall\" ><div class=\"dash\"><h4><span class=\"headline\">SRI SWAMI VIVEKANANDA &#8211; LA FILOSOFIA VEDANTA<\/span><\/h4><\/div><div class=\"btSubTitle\">La filosofia Ved\u00e2nta vede le correnti religiose dell\u2019umanit\u00e0 suddivise in quattro grandi rami principali, Queste correnti sono divise da confini non sempre ben definibili. In alcuni casi possono essere addirittura presenti contemporaneamente in un singolo individuo.  Testo in inglese<\/div><\/header><div class=\"bpgPhoto \" > \r\n\t\t\t\t\t<a href=\"https:\/\/www.yogaincentro.it\/wp-content\/uploads\/2018\/09\/sri-swami-vivekananda-vedanta-philosophy.pdf\" target=\"_blank\" title=\"\"><\/a>\r\n\t\t\t\t\t<div class=\"boldPhotoBox\"><div class=\"bpbItem\"><div class = \"btImage\"><img src=\"https:\/\/www.yogaincentro.it\/wp-content\/uploads\/2018\/09\/ico-pd-f-45.png\" alt=\"scarica il pdf\" title=\"\"><\/div><\/div><\/div>\r\n\t\t\t\t\t<div class=\"captionPane btDarkSkin btTextCenter\">\r\n\t\t\t\t\t\t<div class=\"captionTable\">\r\n\t\t\t\t\t\t\t<div class=\"captionCell\">\r\n\t\t\t\t\t\t\t\t<div class=\"captionTxt\"><\/div>\r\n\t\t\t\t\t\t\t<\/div>\r\n\t\t\t\t\t\t<\/div>\r\n\t\t\t\t\t<\/div><\/div><div class=\"btClear btSeparator topSmallSpaced bottomSemiSpaced border\" ><hr><\/div><\/div><\/div><\/div><\/div><div class=\"boldRow \" ><div class=\"boldRowInner\"><div class=\"rowItem col-md-12 col-ms-12  btTextLeft\"  data-width=\"12\"><div class=\"rowItemContent\" ><div class=\"btClear btSeparator topSemiSpaced noBorder\" ><hr><\/div><\/div><\/div><\/div><\/div><div class=\"boldRow \" ><div class=\"boldRowInner\"><div class=\"rowItem col-md-3 col-sm-6 col-ms-12 btTextLeft animate animate-fadein btHighlightBorder btTopVertical\"  data-width=\"3\"><div class=\"rowItemContent\" ><div class=\"bpgPhoto \"  style=\"border-bottom: #5dc2ca 4px solid;\"> \r\n\t\t\t\t\t<a href=\"https:\/\/www.yogaincentro.it\/wp-content\/uploads\/2018\/09\/sri-swami-vivekananda-practical-vedanta.pdf\" target=\"_blank\" title=\"\"><\/a>\r\n\t\t\t\t\t<div class=\"boldPhotoBox\"><div class=\"bpbItem\"><div class = \"btImage\"><img src=\"https:\/\/www.yogaincentro.it\/wp-content\/uploads\/2018\/09\/pratical-vedanta.jpg\" alt=\"\" title=\"\"><\/div><\/div><\/div>\r\n\t\t\t\t\t<div class=\"captionPane btDarkSkin btTextCenter\">\r\n\t\t\t\t\t\t<div class=\"captionTable\">\r\n\t\t\t\t\t\t\t<div class=\"captionCell\">\r\n\t\t\t\t\t\t\t\t<div class=\"captionTxt\"><\/div>\r\n\t\t\t\t\t\t\t<\/div>\r\n\t\t\t\t\t\t<\/div>\r\n\t\t\t\t\t<\/div><\/div><\/div><\/div><div class=\"rowItem col-md-9 col-ms-12  btTextLeft\"  data-width=\"9\"><div class=\"rowItemContent\" ><div class=\"btClear btSeparator topSmallSpaced bottomSmallSpaced noBorder\" ><hr><\/div><header class=\"header btClear extrasmall\" ><div class=\"dash\"><h4><span class=\"headline\">SRI SWAMI VIVEKANANDA &#8211; VEDANTA PRAGMATICO<\/span><\/h4><\/div><div class=\"btSubTitle\">Mi \u00e8 stato chiesto di dire qualcosa riguardo alla posizione pragmatica della filosofia Vedanta. Come ti ho gi\u00e0 detto, la teoria \u00e8 una buona cosa, ma come possiamo metterla in pratica? Se non pu\u00f2 essere messa in pratica, nessuna teoria ha un gran significato, eccetto come ginnastica intellettuale.  Testo in inglese<\/div><\/header><div class=\"bpgPhoto \" > \r\n\t\t\t\t\t<a href=\"https:\/\/www.yogaincentro.it\/wp-content\/uploads\/2018\/09\/sri-swami-vivekananda-practical-vedanta.pdf\" target=\"_blank\" title=\"\"><\/a>\r\n\t\t\t\t\t<div class=\"boldPhotoBox\"><div class=\"bpbItem\"><div class = \"btImage\"><img src=\"https:\/\/www.yogaincentro.it\/wp-content\/uploads\/2018\/09\/ico-pd-f-45.png\" alt=\"scarica il pdf\" title=\"\"><\/div><\/div><\/div>\r\n\t\t\t\t\t<div class=\"captionPane btDarkSkin btTextCenter\">\r\n\t\t\t\t\t\t<div class=\"captionTable\">\r\n\t\t\t\t\t\t\t<div class=\"captionCell\">\r\n\t\t\t\t\t\t\t\t<div class=\"captionTxt\"><\/div>\r\n\t\t\t\t\t\t\t<\/div>\r\n\t\t\t\t\t\t<\/div>\r\n\t\t\t\t\t<\/div><\/div><div class=\"btClear btSeparator topSmallSpaced bottomSemiSpaced border\" ><hr><\/div><\/div><\/div><\/div><\/div><div class=\"boldRow \" ><div class=\"boldRowInner\"><div class=\"rowItem col-md-12 col-ms-12  btTextLeft\"  data-width=\"12\"><div class=\"rowItemContent\" ><div class=\"btClear btSeparator topSemiSpaced noBorder\" ><hr><\/div><\/div><\/div><\/div><\/div><\/div><\/div><\/div><\/section><\/div>","protected":false},"excerpt":{"rendered":"","protected":false},"author":6,"featured_media":0,"parent":0,"menu_order":0,"comment_status":"closed","ping_status":"closed","template":"","meta":[],"yoast_head":"<!-- This site is optimized with the Yoast SEO plugin v18.1 - https:\/\/yoast.com\/wordpress\/plugins\/seo\/ -->\n<title>eBook - Yoga in centro - Firenze<\/title>\n<meta name=\"robots\" content=\"index, follow, max-snippet:-1, max-image-preview:large, max-video-preview:-1\" \/>\n<link rel=\"canonical\" href=\"https:\/\/www.yogaincentro.it\/en\/ebook\/\" \/>\n<meta property=\"og:locale\" content=\"en_US\" \/>\n<meta property=\"og:type\" content=\"article\" \/>\n<meta property=\"og:title\" content=\"eBook - Yoga in centro - Firenze\" \/>\n<meta property=\"og:url\" content=\"https:\/\/www.yogaincentro.it\/en\/ebook\/\" \/>\n<meta property=\"og:site_name\" content=\"Yoga in centro - Firenze\" \/>\n<meta property=\"article:publisher\" content=\"http:\/\/facebook.yogaincentro.it\/\" \/>\n<meta name=\"twitter:card\" content=\"summary_large_image\" \/>\n<meta name=\"twitter:label1\" content=\"Est. reading time\" \/>\n\t<meta name=\"twitter:data1\" content=\"11 minutes\" \/>\n<script type=\"application\/ld+json\" class=\"yoast-schema-graph\">{\"@context\":\"https:\/\/schema.org\",\"@graph\":[{\"@type\":\"Organization\",\"@id\":\"https:\/\/www.yogaincentro.it\/#organization\",\"name\":\"Yoga in Centro\",\"url\":\"https:\/\/www.yogaincentro.it\/\",\"sameAs\":[\"http:\/\/facebook.yogaincentro.it\/\",\"http:\/\/www.youtube.com\/user\/sivanandayogafirenze\"],\"logo\":{\"@type\":\"ImageObject\",\"@id\":\"https:\/\/www.yogaincentro.it\/#logo\",\"inLanguage\":\"en-US\",\"url\":\"https:\/\/www.yogaincentro.it\/wp-content\/uploads\/2018\/08\/logo-yogaincentro-nologo-300.png\",\"contentUrl\":\"https:\/\/www.yogaincentro.it\/wp-content\/uploads\/2018\/08\/logo-yogaincentro-nologo-300.png\",\"width\":300,\"height\":24,\"caption\":\"Yoga in Centro\"},\"image\":{\"@id\":\"https:\/\/www.yogaincentro.it\/#logo\"}},{\"@type\":\"WebSite\",\"@id\":\"https:\/\/www.yogaincentro.it\/#website\",\"url\":\"https:\/\/www.yogaincentro.it\/\",\"name\":\"Yoga in centro - Firenze\",\"description\":\"Corsi di yoga a Firenze\",\"publisher\":{\"@id\":\"https:\/\/www.yogaincentro.it\/#organization\"},\"potentialAction\":[{\"@type\":\"SearchAction\",\"target\":{\"@type\":\"EntryPoint\",\"urlTemplate\":\"https:\/\/www.yogaincentro.it\/?s={search_term_string}\"},\"query-input\":\"required name=search_term_string\"}],\"inLanguage\":\"en-US\"},{\"@type\":\"WebPage\",\"@id\":\"https:\/\/www.yogaincentro.it\/en\/ebook\/#webpage\",\"url\":\"https:\/\/www.yogaincentro.it\/en\/ebook\/\",\"name\":\"eBook - Yoga in centro - Firenze\",\"isPartOf\":{\"@id\":\"https:\/\/www.yogaincentro.it\/#website\"},\"datePublished\":\"2018-09-01T11:32:05+00:00\",\"dateModified\":\"2018-09-01T11:32:05+00:00\",\"breadcrumb\":{\"@id\":\"https:\/\/www.yogaincentro.it\/en\/ebook\/#breadcrumb\"},\"inLanguage\":\"en-US\",\"potentialAction\":[{\"@type\":\"ReadAction\",\"target\":[\"https:\/\/www.yogaincentro.it\/en\/ebook\/\"]}]},{\"@type\":\"BreadcrumbList\",\"@id\":\"https:\/\/www.yogaincentro.it\/en\/ebook\/#breadcrumb\",\"itemListElement\":[{\"@type\":\"ListItem\",\"position\":1,\"name\":\"Home\",\"item\":\"https:\/\/www.yogaincentro.it\/en\/\"},{\"@type\":\"ListItem\",\"position\":2,\"name\":\"eBook\"}]}]}<\/script>\n<!-- \/ Yoast SEO plugin. -->","yoast_head_json":{"title":"eBook - Yoga in centro - Firenze","robots":{"index":"index","follow":"follow","max-snippet":"max-snippet:-1","max-image-preview":"max-image-preview:large","max-video-preview":"max-video-preview:-1"},"canonical":"https:\/\/www.yogaincentro.it\/en\/ebook\/","og_locale":"en_US","og_type":"article","og_title":"eBook - Yoga in centro - Firenze","og_url":"https:\/\/www.yogaincentro.it\/en\/ebook\/","og_site_name":"Yoga in centro - Firenze","article_publisher":"http:\/\/facebook.yogaincentro.it\/","twitter_card":"summary_large_image","twitter_misc":{"Est. reading time":"11 minutes"},"schema":{"@context":"https:\/\/schema.org","@graph":[{"@type":"Organization","@id":"https:\/\/www.yogaincentro.it\/#organization","name":"Yoga in Centro","url":"https:\/\/www.yogaincentro.it\/","sameAs":["http:\/\/facebook.yogaincentro.it\/","http:\/\/www.youtube.com\/user\/sivanandayogafirenze"],"logo":{"@type":"ImageObject","@id":"https:\/\/www.yogaincentro.it\/#logo","inLanguage":"en-US","url":"https:\/\/www.yogaincentro.it\/wp-content\/uploads\/2018\/08\/logo-yogaincentro-nologo-300.png","contentUrl":"https:\/\/www.yogaincentro.it\/wp-content\/uploads\/2018\/08\/logo-yogaincentro-nologo-300.png","width":300,"height":24,"caption":"Yoga in Centro"},"image":{"@id":"https:\/\/www.yogaincentro.it\/#logo"}},{"@type":"WebSite","@id":"https:\/\/www.yogaincentro.it\/#website","url":"https:\/\/www.yogaincentro.it\/","name":"Yoga in centro - Firenze","description":"Corsi di yoga a Firenze","publisher":{"@id":"https:\/\/www.yogaincentro.it\/#organization"},"potentialAction":[{"@type":"SearchAction","target":{"@type":"EntryPoint","urlTemplate":"https:\/\/www.yogaincentro.it\/?s={search_term_string}"},"query-input":"required name=search_term_string"}],"inLanguage":"en-US"},{"@type":"WebPage","@id":"https:\/\/www.yogaincentro.it\/en\/ebook\/#webpage","url":"https:\/\/www.yogaincentro.it\/en\/ebook\/","name":"eBook - Yoga in centro - Firenze","isPartOf":{"@id":"https:\/\/www.yogaincentro.it\/#website"},"datePublished":"2018-09-01T11:32:05+00:00","dateModified":"2018-09-01T11:32:05+00:00","breadcrumb":{"@id":"https:\/\/www.yogaincentro.it\/en\/ebook\/#breadcrumb"},"inLanguage":"en-US","potentialAction":[{"@type":"ReadAction","target":["https:\/\/www.yogaincentro.it\/en\/ebook\/"]}]},{"@type":"BreadcrumbList","@id":"https:\/\/www.yogaincentro.it\/en\/ebook\/#breadcrumb","itemListElement":[{"@type":"ListItem","position":1,"name":"Home","item":"https:\/\/www.yogaincentro.it\/en\/"},{"@type":"ListItem","position":2,"name":"eBook"}]}]}},"_links":{"self":[{"href":"https:\/\/www.yogaincentro.it\/en\/wp-json\/wp\/v2\/pages\/11335"}],"collection":[{"href":"https:\/\/www.yogaincentro.it\/en\/wp-json\/wp\/v2\/pages"}],"about":[{"href":"https:\/\/www.yogaincentro.it\/en\/wp-json\/wp\/v2\/types\/page"}],"author":[{"embeddable":true,"href":"https:\/\/www.yogaincentro.it\/en\/wp-json\/wp\/v2\/users\/6"}],"replies":[{"embeddable":true,"href":"https:\/\/www.yogaincentro.it\/en\/wp-json\/wp\/v2\/comments?post=11335"}],"version-history":[{"count":0,"href":"https:\/\/www.yogaincentro.it\/en\/wp-json\/wp\/v2\/pages\/11335\/revisions"}],"wp:attachment":[{"href":"https:\/\/www.yogaincentro.it\/en\/wp-json\/wp\/v2\/media?parent=11335"}],"curies":[{"name":"wp","href":"https:\/\/api.w.org\/{rel}","templated":true}]}}